{"version":"1.0","provider_name":"Flamenco","provider_url":"https:\/\/flamenco.cafeblog.hu","author_name":"Tormenta","author_url":"https:\/\/flamenco.cafeblog.hu\/author\/tormenta\/","title":"Flamenco koncert \u00e9s t\u00e1nch\u00e1z","html":"<p><strong>\u00c9l\u0151 zen\u00e9s flamenco el\u0151ad\u00e1ssal \u00e9s t\u00e1nch\u00e1zzal egybek\u00f6t\u00f6tt\u00a0ismeretterjeszt\u0151 sorozat a flamenc\u00f3r\u00f3l.\u00a0<\/strong><\/p>\r\n<p>&nbsp;<\/p>\r\n<p>Az esteken \u00e1tfog\u00f3 k\u00e9pet\u00a0kapunk a flamenc\u00f3r\u00f3l, nem csak el\u0151ad\u00e1s form\u00e1j\u00e1ban, hiszen a hallottakat, l\u00e1tottakat a v\u00e9g\u00e9n ki is\u00a0lehet pr\u00f3b\u00e1lni.<\/p>\r\n<h2>\u00a0<\/h2>\r\n<h2>La Kati Cuadro Flamenco \u00e9s t\u00e1nch\u00e1z 1. r\u00e9sz<\/h2>\r\n<h2>2016. Janu\u00e1r 14., cs\u00fct\u00f6rt\u00f6k \u2013 19.00-21.30<\/h2>\r\n<h3>t\u00e9ma: A flamenco kult\u00far\u00e1ja Andal\u00fazi\u00e1ban<\/h3>\r\n<p>El\u0151ad\u00f3k: Miguel Garc\u00eda Vi\u00f1olo Granad\u00e1b\u00f3l \u00e9s<span class=\"Apple-converted-space\">\u00a0<\/span><a href=\"http:\/\/flamencoportal.hu\/inhof-kati\/\">Inhof Katalin<\/a><\/p>\r\n<p>Koncertet ad a\u00a0<a href=\"http:\/\/flamencoportal.hu\/la-kati-cuadro-flamenco\/\">La Kati Cuadro Flamenco egy\u00fcttes<\/a>.<\/p>\r\n<p>Flamenco t\u00e1nch\u00e1z \u00e9l\u0151zen\u00e9re,<span class=\"Apple-converted-space\">\u00a0<\/span><a href=\"http:\/\/flamencoportal.hu\/inhof-kati\/\">Inhof Katalin \u201eLa Kati\u201d<\/a><span class=\"Apple-converted-space\">\u00a0<\/span>flamenco t\u00e1ncoktat\u00f3val<\/p>\r\n<p><a href=\"https:\/\/flamenco.cafeblog.hu\/files\/2016\/01\/flamenco_tanchaz.jpg\"><img class=\"alignnone wp-image-13 size-large\" src=\"https:\/\/flamenco.cafeblog.hu\/files\/2016\/01\/flamenco_tanchaz-375x600.jpg\" alt=\"flamenco_tanchaz\" width=\"375\" height=\"600\" \/><\/a><\/p>\r\n<p><strong>Helysz\u00edn:<\/strong><\/p>\r\n<p><a href=\"http:\/\/eotvos10.hu\/eotvos10\/\" target=\"_blank\">E\u00f6tv\u00f6s10 K\u00f6z\u00f6ss\u00e9gi \u00e9s Kultur\u00e1lis Sz\u00ednt\u00e9r<\/a>, 1067 Budapest, E\u00f6tv\u00f6s utca 10.<\/p>\r\n<p><strong>Jegy\u00e1r:<\/strong><\/p>\r\n<p>1500 Ft, b\u00e9rlet \u00f6t alkalomra 6000 Ft(helysz\u00ednen lehet megv\u00e1s\u00e1rolni)<\/p>\r\n<p>Online jegyv\u00e1s\u00e1rl\u00e1s<span class=\"Apple-converted-space\">\u00a0<\/span><a href=\"http:\/\/www.jegy.hu\/program\/1-la-kati-cuadro-flamenco-es-tanchaz-65054\" target=\"_blank\">itt.<\/a><\/p>\r\n<p><a href=\"https:\/\/www.facebook.com\/events\/1532756590380352\/\" target=\"_blank\">Esem\u00e9ny a facebookon<\/a><\/p>\r\n<h2>K\u00edv\u00e1ncsi vagy, hogy k\u00e9sz\u00fcl az egy\u00fcttes \u00e9s sz\u00edvesen ben\u00e9zn\u00e9l a kulissz\u00e1k m\u00f6g\u00e9?<\/h2>\r\n<p><a href=\"http:\/\/flamencoportal.hu\/flamenco-a-hetkoznapokban\/\">Kattints ide az Inhof Katalinnal k\u00e9sz\u00edtett interj\u00fa\u00e9rt!<\/a><\/p>\r\n<p>A<span class=\"Apple-converted-space\">\u00a0<\/span><a href=\"http:\/\/flamencoportal.hu\/la-kati-cuadro-flamenco\/\">La Kati Cuadro Flamenco<\/a><span class=\"Apple-converted-space\">\u00a0<\/span>egy\u00fcttes<span class=\"Apple-converted-space\">\u00a0<\/span><a href=\"http:\/\/flamencoportal.hu\/inhof-kati\/\">Inhof Katalin \u201eLa Kati\u201d<\/a><span class=\"Apple-converted-space\">\u00a0<\/span>flamenco t\u00e1ncm\u0171v\u00e9sz szakmai\u00a0ir\u00e1ny\u00edt\u00e1s\u00e1val m\u0171k\u00f6d\u0151 form\u00e1ci\u00f3, melynek c\u00e9lja az autentikus flamenco t\u00e1nc \u00e9s zene\u00a0megismertet\u00e9se a hazai k\u00f6z\u00f6ns\u00e9ggel.<\/p>\r\n<p>Az egy\u00fcttes tagjai:<\/p>\r\n<p><a href=\"http:\/\/flamencoportal.hu\/inhof-kati\/\">Inhof Katalin \u201eLa Kati\u201d<\/a><span class=\"Apple-converted-space\">\u00a0<\/span>(flamenco t\u00e1nc),<\/p>\r\n<p>Balogh Guszti (flamenco \u00e9nek),<\/p>\r\n<p>Petz B\u00e1lint (flamenco git\u00e1r),<\/p>\r\n<p>G\u00e1bos Barna (fuvola),<\/p>\r\n<p>\u00d6lvedi G\u00e1bor (\u00fct\u0151hangszerek)<\/p>\r\n<p>Vajdovich \u00c1rp\u00e1d (nagyb\u0151g\u0151)<\/p>\r\n<p>https:\/\/www.youtube.com\/watch?v=He8dcN710Pc&amp;feature=youtu.be<\/p>\r\n<p>&nbsp;<\/p>\r\n<p>https:\/\/www.youtube.com\/watch?v=He8dcN710Pc&amp;feature=youtu.be<\/p>","type":"rich","thumbnail_url":"https:\/\/flamenco.cafeblog.hu\/files\/2016\/01\/flamenco_tanchaz-150x150.jpg","thumbnail_width":150,"thumbnail_height":150}